{"id":245,"date":"2026-06-18T12:14:47","date_gmt":"2026-06-18T12:14:47","guid":{"rendered":"https:\/\/led.kl4y.ch\/?page_id=245"},"modified":"2026-06-30T16:29:47","modified_gmt":"2026-06-30T16:29:47","slug":"245-2","status":"publish","type":"page","link":"https:\/\/led.kl4y.ch\/index.php\/245-2\/","title":{"rendered":"Comm&rsquo; pour tous"},"content":{"rendered":"\n<div class=\"wp-block-group alignfull has-background is-layout-constrained wp-container-core-group-is-layout-e5b861d2 wp-block-group-is-layout-constrained\" style=\"background-color:#FAF8F5;padding-top:140px;padding-right:24px;padding-bottom:110px;padding-left:24px\">\n<div class=\"wp-block-columns are-vertically-aligned-center is-layout-flex wp-container-core-columns-is-layout-0c16f12a wp-block-columns-is-layout-flex\">\n<div class=\"wp-block-column is-vertically-aligned-center is-layout-flow wp-block-column-is-layout-flow\" style=\"flex-basis:55%\">\n<p class=\"cpt-eyebrow has-text-color wp-block-paragraph\" style=\"color:#C98A28\">\u2014 Agence chr\u00e9tienne de communication digitale \u00b7 Suisse<\/p>\n\n\n\n<h1 class=\"wp-block-heading has-text-color\" style=\"color:#1C1233;font-size:4rem;line-height:1.05\">La communication au service de votre <em style=\"color:#4A2C8A\">mission<\/em><\/h1>\n\n\n\n<p class=\"has-text-color wp-block-paragraph\" style=\"color:#6E6580;margin-top:24px;font-size:1.3rem\">Nous accompagnons les associations chr\u00e9tiennes et caritatives pour rayonner en ligne \u2014 avec des outils simples, un regard humain et des tarifs pens\u00e9s pour vous.<\/p>\n\n\n\n<div class=\"wp-block-buttons is-layout-flex wp-container-core-buttons-is-layout-90fac21b wp-block-buttons-is-layout-flex\" style=\"margin-top:36px\">\n<div class=\"wp-block-button\"><a class=\"wp-block-button__link has-text-color has-background wp-element-button\" href=\"#contact\" style=\"border-radius:100px;color:#1C1233;background-color:#E8A942;padding-top:16px;padding-right:30px;padding-bottom:16px;padding-left:30px;font-style:normal;font-weight:600\">Parlons de votre projet \u2192<\/a><\/div>\n\n\n\n<div class=\"wp-block-button is-style-outline is-style-outline--1\"><a class=\"wp-block-button__link has-text-color wp-element-button\" href=\"#services\" style=\"border-color:#E2DAF0;border-width:1px;border-radius:100px;color:#4A2C8A;padding-top:16px;padding-right:30px;padding-bottom:16px;padding-left:30px;font-style:normal;font-weight:600\">D\u00e9couvrir nos services<\/a><\/div>\n<\/div>\n<\/div>\n\n\n\n<div class=\"wp-block-column is-vertically-aligned-center is-layout-flow wp-block-column-is-layout-flow\" style=\"flex-basis:45%\">\n<div class=\"wp-block-group has-background is-layout-constrained wp-container-core-group-is-layout-f1dffcc5 wp-block-group-is-layout-constrained\" style=\"border-radius:22px;background-color:#EFEAF8;padding-top:120px;padding-right:24px;padding-bottom:120px;padding-left:24px\">\n<p class=\"has-text-align-center has-text-color wp-block-paragraph\" style=\"color:#6B4DB3\">\u25ce Visuel du hero \u2014 d\u00e9posez votre image ici<\/p>\n<\/div>\n<\/div>\n<\/div>\n\n\n\n<div class=\"wp-block-columns is-layout-flex wp-container-core-columns-is-layout-9e88358f wp-block-columns-is-layout-flex\" style=\"border-top-color:#E2DAF0;border-top-width:1px;margin-top:52px;padding-top:34px\">\n<div class=\"wp-block-column is-layout-flow wp-block-column-is-layout-flow\">\n<h2 class=\"wp-block-heading cpt-serif has-text-color\" style=\"color:#4A2C8A;font-size:2.4rem\">+3<\/h2>\n\n\n\n<p class=\"has-text-color wp-block-paragraph\" style=\"color:#6E6580;font-size:.92rem\">associations accompagn\u00e9es<\/p>\n<\/div>\n\n\n\n<div class=\"wp-block-column is-layout-flow wp-block-column-is-layout-flow\">\n<h2 class=\"wp-block-heading cpt-serif has-text-color\" style=\"color:#4A2C8A;font-size:2.4rem\">CHF 0<\/h2>\n\n\n\n<p class=\"has-text-color wp-block-paragraph\" style=\"color:#6E6580;font-size:.92rem\">pour d\u00e9marrer le premier \u00e9change<\/p>\n<\/div>\n\n\n\n<div class=\"wp-block-column is-layout-flow wp-block-column-is-layout-flow\">\n<h2 class=\"wp-block-heading cpt-serif has-text-color\" style=\"color:#4A2C8A;font-size:2.4rem\">100%<\/h2>\n\n\n\n<p class=\"has-text-color wp-block-paragraph\" style=\"color:#6E6580;font-size:.92rem\">au service de causes utiles<\/p>\n<\/div>\n<\/div>\n<\/div>\n\n\n\n<div class=\"wp-block-group alignfull has-background is-layout-constrained wp-container-core-group-is-layout-38dcee2e wp-block-group-is-layout-constrained\" id=\"services\" style=\"background-color:#FAF8F5;padding-top:110px;padding-right:24px;padding-bottom:110px;padding-left:24px\">\n<p class=\"cpt-eyebrow has-text-color wp-block-paragraph\" style=\"color:#C98A28\">\u2014 Ce que nous faisons<\/p>\n\n\n\n<h2 class=\"wp-block-heading has-text-color\" style=\"color:#1C1233;margin-top:16px;font-size:3rem\">Tout ce qu&rsquo;il faut pour vous faire entendre<\/h2>\n\n\n\n<p class=\"has-text-color wp-block-paragraph\" style=\"color:#6E6580;margin-top:16px;margin-bottom:48px;font-size:1.2rem\">Quatre savoir-faire compl\u00e9mentaires, \u00e0 activer ensemble ou s\u00e9par\u00e9ment, selon les besoins et le budget de votre association.<\/p>\n\n\n\n<div class=\"wp-block-columns is-layout-flex wp-container-core-columns-is-layout-774bddf2 wp-block-columns-is-layout-flex\">\n<div class=\"wp-block-column is-layout-flow wp-block-column-is-layout-flow\">\n<div class=\"wp-block-group has-border-color has-background is-layout-constrained wp-container-core-group-is-layout-dfb5f8e1 wp-block-group-is-layout-constrained\" style=\"border-color:#E2DAF0;border-width:1px;border-radius:22px;background-color:#FFFFFF;padding-top:36px;padding-right:32px;padding-bottom:36px;padding-left:32px\">\n<p class=\"has-text-color wp-block-paragraph\" style=\"color:#C98A28;font-weight:600\">01<\/p>\n\n\n\n<h3 class=\"wp-block-heading has-text-color\" style=\"color:#1C1233;font-size:1.5rem\">R\u00e9seaux sociaux<\/h3>\n\n\n\n<p class=\"has-text-color wp-block-paragraph\" style=\"color:#6E6580\">Une pr\u00e9sence vivante et r\u00e9guli\u00e8re qui cr\u00e9e du lien avec votre communaut\u00e9, vos b\u00e9n\u00e9voles et vos donateurs.<\/p>\n<\/div>\n<\/div>\n\n\n\n<div class=\"wp-block-column is-layout-flow wp-block-column-is-layout-flow\">\n<div class=\"wp-block-group has-border-color has-background is-layout-constrained wp-container-core-group-is-layout-dfb5f8e1 wp-block-group-is-layout-constrained\" style=\"border-color:#E2DAF0;border-width:1px;border-radius:22px;background-color:#FFFFFF;padding-top:36px;padding-right:32px;padding-bottom:36px;padding-left:32px\">\n<p class=\"has-text-color wp-block-paragraph\" style=\"color:#C98A28;font-weight:600\">02<\/p>\n\n\n\n<h3 class=\"wp-block-heading has-text-color\" style=\"color:#1C1233;font-size:1.5rem\">Site web<\/h3>\n\n\n\n<p class=\"has-text-color wp-block-paragraph\" style=\"color:#6E6580\">Un site clair et accueillant, facile \u00e0 mettre \u00e0 jour, pens\u00e9 pour informer, recruter des b\u00e9n\u00e9voles et recevoir des dons.<\/p>\n<\/div>\n<\/div>\n\n\n\n<div class=\"wp-block-column is-layout-flow wp-block-column-is-layout-flow\">\n<div class=\"wp-block-group has-border-color has-background is-layout-constrained wp-container-core-group-is-layout-dfb5f8e1 wp-block-group-is-layout-constrained\" style=\"border-color:#E2DAF0;border-width:1px;border-radius:22px;background-color:#FFFFFF;padding-top:36px;padding-right:32px;padding-bottom:36px;padding-left:32px\">\n<p class=\"has-text-color wp-block-paragraph\" style=\"color:#C98A28;font-weight:600\">03<\/p>\n\n\n\n<h3 class=\"wp-block-heading has-text-color\" style=\"color:#1C1233;font-size:1.5rem\">Flyers &amp; supports<\/h3>\n\n\n\n<p class=\"has-text-color wp-block-paragraph\" style=\"color:#6E6580\">Des supports imprim\u00e9s qui marquent : affiches d&rsquo;\u00e9v\u00e9nement, brochures, d\u00e9pliants, rapports d&rsquo;activit\u00e9 soign\u00e9s.<\/p>\n<\/div>\n<\/div>\n\n\n\n<div class=\"wp-block-column is-layout-flow wp-block-column-is-layout-flow\">\n<div class=\"wp-block-group has-border-color has-background is-layout-constrained wp-container-core-group-is-layout-dfb5f8e1 wp-block-group-is-layout-constrained\" style=\"border-color:#E2DAF0;border-width:1px;border-radius:22px;background-color:#FFFFFF;padding-top:36px;padding-right:32px;padding-bottom:36px;padding-left:32px\">\n<p class=\"has-text-color wp-block-paragraph\" style=\"color:#C98A28;font-weight:600\">04<\/p>\n\n\n\n<h3 class=\"wp-block-heading has-text-color\" style=\"color:#1C1233;font-size:1.5rem\">Identit\u00e9 visuelle<\/h3>\n\n\n\n<p class=\"has-text-color wp-block-paragraph\" style=\"color:#6E6580\">Une image \u00e0 votre image : logo, palette, typographies et r\u00e8gles simples pour rester coh\u00e9rent partout.<\/p>\n<\/div>\n<\/div>\n<\/div>\n<\/div>\n\n\n\n<div class=\"wp-block-group alignfull has-text-color has-background is-layout-constrained wp-container-core-group-is-layout-38dcee2e wp-block-group-is-layout-constrained\" id=\"pourquoi\" style=\"color:#FFFFFF;background-color:#2E1A5C;padding-top:110px;padding-right:24px;padding-bottom:110px;padding-left:24px\">\n<p class=\"cpt-eyebrow has-text-color wp-block-paragraph\" style=\"color:#E8A942\">\u2014 Pourquoi nous<\/p>\n\n\n\n<h2 class=\"wp-block-heading has-text-color\" style=\"color:#FFFFFF;margin-top:16px;font-size:3rem\">Une agence qui parle votre langage<\/h2>\n\n\n\n<p class=\"has-text-color wp-block-paragraph\" style=\"color:#C9BEE4;margin-top:16px;margin-bottom:56px;font-size:1.2rem\">Nous ne sommes pas une agence de plus. Nous avons choisi de mettre nos comp\u00e9tences au service de celles et ceux qui font le bien.<\/p>\n\n\n\n<div class=\"wp-block-columns is-layout-flex wp-container-core-columns-is-layout-2e8a4383 wp-block-columns-is-layout-flex\">\n<div class=\"wp-block-column is-layout-flow wp-block-column-is-layout-flow\">\n<h3 class=\"wp-block-heading has-text-color\" style=\"color:#FFFFFF;font-size:1.6rem\">Des tarifs solidaires<\/h3>\n\n\n\n<p class=\"has-text-color wp-block-paragraph\" style=\"color:#C9BEE4;margin-top:14px\">Une grille pens\u00e9e pour les budgets associatifs, avec une part de b\u00e9n\u00e9volat int\u00e9gr\u00e9e. Le premier \u00e9change est toujours gratuit.<\/p>\n<\/div>\n\n\n\n<div class=\"wp-block-column is-layout-flow wp-block-column-is-layout-flow\">\n<h3 class=\"wp-block-heading has-text-color\" style=\"color:#FFFFFF;font-size:1.6rem\">On comprend votre monde<\/h3>\n\n\n\n<p class=\"has-text-color wp-block-paragraph\" style=\"color:#C9BEE4;margin-top:14px\">B\u00e9n\u00e9voles, dons, missions, valeurs : nous connaissons les r\u00e9alit\u00e9s du milieu associatif et caritatif, et nous les respectons.<\/p>\n<\/div>\n\n\n\n<div class=\"wp-block-column is-layout-flow wp-block-column-is-layout-flow\">\n<h3 class=\"wp-block-heading has-text-color\" style=\"color:#FFFFFF;font-size:1.6rem\">Des r\u00e9sultats concrets<\/h3>\n\n\n\n<p class=\"has-text-color wp-block-paragraph\" style=\"color:#C9BEE4;margin-top:14px\">Plus de visibilit\u00e9, plus de dons, plus de b\u00e9n\u00e9voles. Nous fixons des objectifs clairs et mesurables, ensemble.<\/p>\n<\/div>\n<\/div>\n<\/div>\n\n\n\n<div class=\"wp-block-group alignfull has-background is-layout-constrained wp-container-core-group-is-layout-38dcee2e wp-block-group-is-layout-constrained\" id=\"realisations\" style=\"background-color:#FAF8F5;padding-top:110px;padding-right:24px;padding-bottom:110px;padding-left:24px\">\n<p class=\"cpt-eyebrow has-text-color wp-block-paragraph\" style=\"color:#C98A28\">\u2014 Quelques r\u00e9alisations<\/p>\n\n\n\n<h2 class=\"wp-block-heading has-text-color\" style=\"color:#1C1233;margin-top:16px;margin-bottom:56px;font-size:3rem\">Des projets qui ont du sens<\/h2>\n\n\n\n<div class=\"wp-block-columns are-vertically-aligned-center is-layout-flex wp-container-core-columns-is-layout-8c257f3b wp-block-columns-is-layout-flex\" style=\"margin-bottom:48px\">\n<div class=\"wp-block-column is-vertically-aligned-center is-layout-flow wp-block-column-is-layout-flow\">\n<div class=\"wp-block-group is-layout-constrained wp-block-group-is-layout-constrained\" style=\"border-radius:22px;padding-top:120px;padding-bottom:120px\">\n<figure class=\"wp-block-image size-large\"><a href=\"https:\/\/neonvallorbe.ch\"><img loading=\"lazy\" decoding=\"async\" width=\"1024\" height=\"554\" src=\"https:\/\/led.kl4y.ch\/wp-content\/uploads\/2026\/01\/groupe-1024x554.jpg\" alt=\"\" class=\"wp-image-88\" srcset=\"https:\/\/led.kl4y.ch\/wp-content\/uploads\/2026\/01\/groupe-1024x554.jpg 1024w, https:\/\/led.kl4y.ch\/wp-content\/uploads\/2026\/01\/groupe-300x162.jpg 300w, https:\/\/led.kl4y.ch\/wp-content\/uploads\/2026\/01\/groupe-768x416.jpg 768w, https:\/\/led.kl4y.ch\/wp-content\/uploads\/2026\/01\/groupe-1536x831.jpg 1536w, https:\/\/led.kl4y.ch\/wp-content\/uploads\/2026\/01\/groupe.jpg 1600w\" sizes=\"auto, (max-width: 1024px) 100vw, 1024px\" \/><\/a><\/figure>\n<\/div>\n<\/div>\n\n\n\n<div class=\"wp-block-column is-vertically-aligned-center is-layout-flow wp-block-column-is-layout-flow\">\n<p class=\"cpt-eyebrow has-text-color wp-block-paragraph\" style=\"color:#C98A28\">Groupe de jeunes N\u00e9on Vallorbe &#8211; Site Internet<\/p>\n\n\n\n<h3 class=\"wp-block-heading has-text-color\" style=\"color:#1C1233;font-size:2rem\">Une refonte qui inspire confiance<\/h3>\n\n\n\n<p class=\"has-text-color wp-block-paragraph\" style=\"color:#6E6580;margin-top:14px\">Cr\u00e9ation d&rsquo;un site Internet pr\u00e9sentant le groupe et ses activit\u00e9s, prises de photos pour compl\u00e9ter leurs r\u00e9seaux sociaux.<\/p>\n<\/div>\n<\/div>\n\n\n\n<div class=\"wp-block-columns are-vertically-aligned-center is-layout-flex wp-container-core-columns-is-layout-8c257f3b wp-block-columns-is-layout-flex\" style=\"margin-bottom:48px\">\n<div class=\"wp-block-column is-vertically-aligned-center is-layout-flow wp-block-column-is-layout-flow\">\n<p class=\"cpt-eyebrow has-text-color wp-block-paragraph\" style=\"color:#C98A28\">R\u00e9seau Impact Network &#8211; Site Internet<\/p>\n\n\n\n<h3 class=\"wp-block-heading has-text-color\" style=\"color:#1C1233;font-size:2rem\">Une identit\u00e9 qui rassemble<\/h3>\n\n\n\n<p class=\"has-text-color wp-block-paragraph\" style=\"color:#6E6580;margin-top:14px\">Cr\u00e9ation d&rsquo;un site Internet pr\u00e9sentant l&rsquo;objectif et la vision du r\u00e9seau, avec une s\u00e9ance photo pour les responsables.<\/p>\n<\/div>\n\n\n\n<div class=\"wp-block-column is-vertically-aligned-center is-layout-flow wp-block-column-is-layout-flow\">\n<div class=\"wp-block-group is-layout-constrained wp-block-group-is-layout-constrained\" style=\"border-radius:22px;padding-top:120px;padding-bottom:120px\">\n<div class=\"wp-block-uagb-image uagb-block-d6aa8569 wp-block-uagb-image--layout-default wp-block-uagb-image--effect-static wp-block-uagb-image--align-none\"><figure class=\"wp-block-uagb-image__figure\"><img decoding=\"async\" srcset=\"https:\/\/led.kl4y.ch\/wp-content\/uploads\/2026\/06\/Capture-decran-2026-06-30-130455-1024x356.png ,https:\/\/led.kl4y.ch\/wp-content\/uploads\/2026\/06\/Capture-decran-2026-06-30-130455.png 780w, https:\/\/led.kl4y.ch\/wp-content\/uploads\/2026\/06\/Capture-decran-2026-06-30-130455.png 360w\" sizes=\"auto, (max-width: 480px) 150px\" src=\"https:\/\/led.kl4y.ch\/wp-content\/uploads\/2026\/06\/Capture-decran-2026-06-30-130455-1024x356.png\" alt=\"\" class=\"uag-image-265\" width=\"1024\" height=\"356\" title=\"Capture d'\u00e9cran 2026-06-30 130455\" loading=\"lazy\" role=\"img\"\/><\/figure><\/div>\n<\/div>\n<\/div>\n<\/div>\n\n\n\n<div class=\"wp-block-columns are-vertically-aligned-center is-layout-flex wp-container-core-columns-is-layout-82b9fa04 wp-block-columns-is-layout-flex\">\n<div class=\"wp-block-column is-vertically-aligned-center is-layout-flow wp-block-column-is-layout-flow\">\n<div class=\"wp-block-group is-layout-constrained wp-block-group-is-layout-constrained\" style=\"border-radius:22px;padding-top:120px;padding-bottom:120px\">\n<figure class=\"wp-block-image size-large\"><a href=\"https:\/\/radio-r.ch\/podcast\/cest-pas-tabou\/\"><img loading=\"lazy\" decoding=\"async\" width=\"1024\" height=\"1024\" src=\"https:\/\/led.kl4y.ch\/wp-content\/uploads\/2026\/06\/26_vignette_cest-pas-tabou-1-1024x1024.jpg\" alt=\"\" class=\"wp-image-264\" srcset=\"https:\/\/led.kl4y.ch\/wp-content\/uploads\/2026\/06\/26_vignette_cest-pas-tabou-1-1024x1024.jpg 1024w, https:\/\/led.kl4y.ch\/wp-content\/uploads\/2026\/06\/26_vignette_cest-pas-tabou-1-300x300.jpg 300w, https:\/\/led.kl4y.ch\/wp-content\/uploads\/2026\/06\/26_vignette_cest-pas-tabou-1-150x150.jpg 150w, https:\/\/led.kl4y.ch\/wp-content\/uploads\/2026\/06\/26_vignette_cest-pas-tabou-1-768x768.jpg 768w, https:\/\/led.kl4y.ch\/wp-content\/uploads\/2026\/06\/26_vignette_cest-pas-tabou-1-1536x1536.jpg 1536w, https:\/\/led.kl4y.ch\/wp-content\/uploads\/2026\/06\/26_vignette_cest-pas-tabou-1-2048x2048.jpg 2048w\" sizes=\"auto, (max-width: 1024px) 100vw, 1024px\" \/><\/a><\/figure>\n<\/div>\n<\/div>\n\n\n\n<div class=\"wp-block-column is-vertically-aligned-center is-layout-flow wp-block-column-is-layout-flow\">\n<p class=\"cpt-eyebrow has-text-color wp-block-paragraph\" style=\"color:#C98A28\">Visuel &#8211; Radio R<\/p>\n\n\n\n<h3 class=\"wp-block-heading has-text-color\" style=\"color:#1C1233;font-size:2rem\">Un visuel qui rayonne<\/h3>\n\n\n\n<p class=\"has-text-color wp-block-paragraph\" style=\"color:#6E6580;margin-top:14px\">Cr\u00e9ation d&rsquo;un visuel pour une nouvelle \u00e9mission radio, diffus\u00e9 sur les r\u00e9seaux sociaux et leur site Internet.<\/p>\n<\/div>\n<\/div>\n<\/div>\n\n\n\n<div class=\"wp-block-group alignfull has-background is-layout-constrained wp-container-core-group-is-layout-38dcee2e wp-block-group-is-layout-constrained\" id=\"tarifs\" style=\"background-color:#F3EFE8;padding-top:110px;padding-right:24px;padding-bottom:110px;padding-left:24px\">\n<p class=\"has-text-align-center cpt-eyebrow has-text-color wp-block-paragraph\" style=\"color:#C98A28\">\u2014 Tarifs solidaires<\/p>\n\n\n\n<h2 class=\"wp-block-heading has-text-align-center has-text-color\" style=\"color:#1C1233;margin-top:16px;font-size:3rem\">Transparents, justes, sans surprise<\/h2>\n\n\n\n<p class=\"has-text-align-center has-text-color wp-block-paragraph\" style=\"color:#6E6580;margin-top:16px;margin-bottom:48px;font-size:1.2rem\">Trois formules pens\u00e9es pour s&rsquo;adapter \u00e0 votre taille et \u00e0 votre budget. Tous les prix sont en francs suisses (CHF).<\/p>\n\n\n\n<div class=\"wp-block-columns is-layout-flex wp-container-core-columns-is-layout-774bddf2 wp-block-columns-is-layout-flex\">\n<div class=\"wp-block-column is-layout-flow wp-block-column-is-layout-flow\">\n<div class=\"wp-block-group has-border-color has-background is-layout-constrained wp-container-core-group-is-layout-dfb5f8e1 wp-block-group-is-layout-constrained\" style=\"border-color:#E2DAF0;border-width:1px;border-radius:22px;background-color:#FFFFFF;padding-top:36px;padding-right:32px;padding-bottom:36px;padding-left:32px\">\n<h3 class=\"wp-block-heading has-text-color\" style=\"color:#1C1233;font-size:1.5rem\">Coup de pouce<\/h3>\n\n\n\n<p class=\"has-text-color wp-block-paragraph\" style=\"color:#6E6580\">Pour une petite association ou une action ponctuelle \u00e0 lancer rapidement.<\/p>\n\n\n\n<h4 class=\"wp-block-heading has-text-color\" style=\"color:#4A2C8A;margin-top:20px;margin-bottom:20px;font-size:2.4rem\">d\u00e8s 150 <span style=\"font-size:.9rem;color:#6E6580\">CHF \/ forfait<\/span><\/h4>\n\n\n\n<ul style=\"color:#1C1233\" class=\"wp-block-list has-text-color\">\n<li>Un support cl\u00e9 (flyer, page, visuel)<\/li>\n\n\n\n<li>1 atelier conseil d&rsquo;une heure<\/li>\n\n\n\n<li>Fichiers pr\u00eats \u00e0 l&#8217;emploi<\/li>\n\n\n\n<li>1 s\u00e9rie de retouches<\/li>\n<\/ul>\n\n\n\n<div class=\"wp-block-buttons is-layout-flex wp-block-buttons-is-layout-flex\" style=\"margin-top:24px\">\n<div class=\"wp-block-button is-style-outline is-style-outline--2\"><a class=\"wp-block-button__link has-text-color wp-element-button\" href=\"#contact\" style=\"border-color:#E2DAF0;border-width:1px;border-radius:100px;color:#4A2C8A\">Choisir cette formule<\/a><\/div>\n<\/div>\n<\/div>\n<\/div>\n\n\n\n<div class=\"wp-block-column is-layout-flow wp-block-column-is-layout-flow\">\n<div class=\"wp-block-group has-text-color has-background is-layout-constrained wp-container-core-group-is-layout-dfb5f8e1 wp-block-group-is-layout-constrained\" style=\"border-radius:22px;color:#FFFFFF;background-color:#4A2C8A;padding-top:36px;padding-right:32px;padding-bottom:36px;padding-left:32px\">\n<p class=\"has-text-color has-background wp-block-paragraph\" style=\"border-radius:100px;color:#1C1233;background-color:#E8A942;padding-top:5px;padding-right:12px;padding-bottom:5px;padding-left:12px;font-size:.75rem;font-weight:700\">LE PLUS CHOISI<\/p>\n\n\n\n<h3 class=\"wp-block-heading has-text-color\" style=\"color:#FFFFFF;font-size:1.5rem\">Engagement<\/h3>\n\n\n\n<p class=\"has-text-color wp-block-paragraph\" style=\"color:#C9BEE4\">Un accompagnement r\u00e9gulier pour faire vivre votre communication dans la dur\u00e9e.<\/p>\n\n\n\n<h4 class=\"wp-block-heading has-text-color\" style=\"color:#FFFFFF;margin-top:20px;margin-bottom:20px;font-size:2.4rem\">d\u00e8s 90 <span style=\"font-size:.9rem;color:#C9BEE4\">CHF \/ mois<\/span><\/h4>\n\n\n\n<ul style=\"color:#FFFFFF\" class=\"wp-block-list has-text-color\">\n<li>Gestion des r\u00e9seaux sociaux<\/li>\n\n\n\n<li>Calendrier \u00e9ditorial mensuel<\/li>\n\n\n\n<li>Mises \u00e0 jour du site web<\/li>\n\n\n\n<li>Bilan trimestriel des r\u00e9sultats<\/li>\n\n\n\n<li>Sans engagement de dur\u00e9e<\/li>\n<\/ul>\n\n\n\n<div class=\"wp-block-buttons is-layout-flex wp-block-buttons-is-layout-flex\" style=\"margin-top:24px\">\n<div class=\"wp-block-button\"><a class=\"wp-block-button__link has-text-color has-background wp-element-button\" href=\"#contact\" style=\"border-radius:100px;color:#1C1233;background-color:#E8A942;font-weight:600\">Choisir cette formule<\/a><\/div>\n<\/div>\n<\/div>\n<\/div>\n\n\n\n<div class=\"wp-block-column is-layout-flow wp-block-column-is-layout-flow\">\n<div class=\"wp-block-group has-border-color has-background is-layout-constrained wp-container-core-group-is-layout-dfb5f8e1 wp-block-group-is-layout-constrained\" style=\"border-color:#E2DAF0;border-width:1px;border-radius:22px;background-color:#FFFFFF;padding-top:36px;padding-right:32px;padding-bottom:36px;padding-left:32px\">\n<h3 class=\"wp-block-heading has-text-color\" style=\"color:#1C1233;font-size:1.5rem\">Mission<\/h3>\n\n\n\n<p class=\"has-text-color wp-block-paragraph\" style=\"color:#6E6580\">Un projet complet : refonte, identit\u00e9 ou campagne d&rsquo;envergure, sur mesure.<\/p>\n\n\n\n<h4 class=\"wp-block-heading has-text-color\" style=\"color:#4A2C8A;margin-top:20px;margin-bottom:20px;font-size:2.4rem\">sur devis<\/h4>\n\n\n\n<ul style=\"color:#1C1233\" class=\"wp-block-list has-text-color\">\n<li>Strat\u00e9gie de communication<\/li>\n\n\n\n<li>Identit\u00e9 visuelle compl\u00e8te<\/li>\n\n\n\n<li>Site web sur mesure<\/li>\n\n\n\n<li>Accompagnement d\u00e9di\u00e9<\/li>\n<\/ul>\n\n\n\n<div class=\"wp-block-buttons is-layout-flex wp-block-buttons-is-layout-flex\" style=\"margin-top:24px\">\n<div class=\"wp-block-button is-style-outline is-style-outline--3\"><a class=\"wp-block-button__link has-text-color wp-element-button\" href=\"#contact\" style=\"border-color:#E2DAF0;border-width:1px;border-radius:100px;color:#4A2C8A\">Demander un devis<\/a><\/div>\n<\/div>\n<\/div>\n<\/div>\n<\/div>\n\n\n\n<p class=\"has-text-align-center has-text-color wp-block-paragraph\" style=\"color:#6E6580;margin-top:32px\">Association \u00e0 petit budget ? <strong style=\"color:#4A2C8A\">Parlons-en quand m\u00eame.<\/strong> Notre but est de vous permettre d&rsquo;avoir une pr\u00e9sence en ligne peu importe votre budget !<\/p>\n<\/div>\n\n\n\n<div class=\"wp-block-group alignfull has-text-color has-background is-layout-constrained wp-container-core-group-is-layout-38dcee2e wp-block-group-is-layout-constrained\" id=\"contact\" style=\"color:#FFFFFF;background-color:#2E1A5C;padding-top:110px;padding-right:24px;padding-bottom:110px;padding-left:24px\">\n<div class=\"wp-block-columns is-layout-flex wp-container-core-columns-is-layout-0c16f12a wp-block-columns-is-layout-flex\">\n<div class=\"wp-block-column is-layout-flow wp-block-column-is-layout-flow\" style=\"flex-basis:45%\">\n<p class=\"cpt-eyebrow has-text-color wp-block-paragraph\" style=\"color:#E8A942\">\u2014 Contact<\/p>\n\n\n\n<h2 class=\"wp-block-heading has-text-color\" style=\"color:#FFFFFF;margin-top:16px;font-size:3rem\">Parlons de votre projet<\/h2>\n\n\n\n<p class=\"has-text-color wp-block-paragraph\" style=\"color:#C9BEE4;margin-top:22px;font-size:1.2rem\">D\u00e9crivez-nous votre association et vos besoins en quelques lignes. Nous revenons vers vous dans les meilleurs d\u00e9lais pour discuter de votre projet.<\/p>\n\n\n\n<p class=\"has-ast-global-color-4-color has-text-color wp-block-paragraph\" style=\"margin-top:32px;line-height:2\"><strong>\u2709<\/strong> <a data-cfemail=\"14767b7a7e7b616654777b7979647b6166607b61673a777c\" href=\"\/cdn-cgi\/l\/email-protection\" class=\"__cf_email__\"><mark style=\"background-color:rgba(0, 0, 0, 0)\" class=\"has-inline-color has-ast-global-color-4-color\">info@commpourtous.ch<\/mark><\/a><br><strong>\u260e +41 <\/strong>77 432 34 29<br><strong>\u26b2 Lignerolle, Suisse<\/strong><\/p>\n<\/div>\n\n\n\n<div class=\"wp-block-column is-layout-flow wp-block-column-is-layout-flow\" style=\"flex-basis:55%\">\n<div class=\"wp-block-group has-text-color has-background is-layout-constrained wp-container-core-group-is-layout-d6b9e94e wp-block-group-is-layout-constrained\" style=\"border-radius:22px;color:#1C1233;background-color:#FFFFFF;padding-top:40px;padding-right:40px;padding-bottom:40px;padding-left:40px\">\n<h3 class=\"wp-block-heading has-text-color\" style=\"color:#1C1233;font-size:1.4rem\">\u00c9crivez-nous<\/h3>\n\n\n\n<p class=\"has-text-color wp-block-paragraph\" style=\"color:#6E6580;margin-top:8px;margin-bottom:16px\">Ins\u00e9rez ici le formulaire de votre extension (voir note d&rsquo;installation).<\/p>\n\n\n<p>[contact-form-7 id=\u00a0\u00bbVOTRE_ID\u00a0\u00bb title=\u00a0\u00bbContact\u00a0\u00bb]<\/p>\n<\/div>\n<\/div>\n<\/div>\n<\/div>\n\n\n\n<div class=\"wp-block-group alignfull has-text-color has-background is-layout-constrained wp-container-core-group-is-layout-7d4c4da6 wp-block-group-is-layout-constrained\" style=\"color:#FFFFFF;background-color:#1C1233;padding-top:56px;padding-right:24px;padding-bottom:32px;padding-left:24px\">\n<h3 class=\"wp-block-heading has-text-color\" style=\"color:#FFFFFF;font-size:1.4rem\">Comm pour Tous<\/h3>\n\n\n\n<p class=\"has-text-color wp-block-paragraph\" style=\"color:#C9BEE4;margin-top:12px;margin-bottom:24px\">Agence de communication digitale solidaire, au service des associations chr\u00e9tiennes et caritatives. Bas\u00e9e en Suisse.<\/p>\n\n\n\n<p class=\"has-text-color wp-block-paragraph\" style=\"border-top-color:rgba(255,255,255,0.12);border-top-width:1px;color:#C9BEE4;padding-top:24px;font-size:.86rem\">\u00a9 2026 Comm pour Tous \u2014 Communication solidaire \u00b7 Con\u00e7u avec soin en Suisse<\/p>\n<\/div>\n\n\n<p><script data-cfasync=\"false\" src=\"\/cdn-cgi\/scripts\/5c5dd728\/cloudflare-static\/email-decode.min.js\"><\/script><\/p>","protected":false},"excerpt":{"rendered":"<p>\u2014 Agence chr\u00e9tienne de communication digitale \u00b7 Suisse La communication au service de votre mission Nous accompagnons les associations chr\u00e9tiennes et caritatives pour rayonner en ligne \u2014 avec des outils [&hellip;]<\/p>\n","protected":false},"author":2,"featured_media":0,"parent":0,"menu_order":0,"comment_status":"closed","ping_status":"closed","template":"","meta":{"_uag_custom_page_level_css":"","site-sidebar-layout":"default","site-content-layout":"","ast-site-content-layout":"default","site-content-style":"default","site-sidebar-style":"default","ast-global-header-display":"","ast-banner-title-visibility":"","ast-main-header-display":"","ast-hfb-above-header-display":"","ast-hfb-below-header-display":"","ast-hfb-mobile-header-display":"","site-post-title":"disabled","ast-breadcrumbs-content":"","ast-featured-img":"","footer-sml-layout":"","ast-disable-related-posts":"","theme-transparent-header-meta":"","adv-header-id-meta":"","stick-header-meta":"","header-above-stick-meta":"","header-main-stick-meta":"","header-below-stick-meta":"","astra-migrate-meta-layouts":"default","ast-page-background-enabled":"default","ast-page-background-meta":{"desktop":{"background-color":"var(--ast-global-color-5)","background-image":"","background-repeat":"repeat","background-position":"center center","background-size":"auto","background-attachment":"scroll","background-type":"","background-media":"","overlay-type":"","overlay-color":"","overlay-opacity":"","overlay-gradient":""},"tablet":{"background-color":"","background-image":"","background-repeat":"repeat","background-position":"center center","background-size":"auto","background-attachment":"scroll","background-type":"","background-media":"","overlay-type":"","overlay-color":"","overlay-opacity":"","overlay-gradient":""},"mobile":{"background-color":"","background-image":"","background-repeat":"repeat","background-position":"center center","background-size":"auto","background-attachment":"scroll","background-type":"","background-media":"","overlay-type":"","overlay-color":"","overlay-opacity":"","overlay-gradient":""}},"ast-content-background-meta":{"desktop":{"background-color":"var(--ast-global-color-4)","background-image":"","background-repeat":"repeat","background-position":"center center","background-size":"auto","background-attachment":"scroll","background-type":"","background-media":"","overlay-type":"","overlay-color":"","overlay-opacity":"","overlay-gradient":""},"tablet":{"background-color":"var(--ast-global-color-4)","background-image":"","background-repeat":"repeat","background-position":"center center","background-size":"auto","background-attachment":"scroll","background-type":"","background-media":"","overlay-type":"","overlay-color":"","overlay-opacity":"","overlay-gradient":""},"mobile":{"background-color":"var(--ast-global-color-4)","background-image":"","background-repeat":"repeat","background-position":"center center","background-size":"auto","background-attachment":"scroll","background-type":"","background-media":"","overlay-type":"","overlay-color":"","overlay-opacity":"","overlay-gradient":""}},"footnotes":""},"class_list":["post-245","page","type-page","status-publish","hentry"],"uagb_featured_image_src":{"full":false,"thumbnail":false,"medium":false,"medium_large":false,"large":false,"1536x1536":false,"2048x2048":false},"uagb_author_info":{"display_name":"Elia Kl\u00e4y","author_link":"https:\/\/led.kl4y.ch\/index.php\/author\/elia-klay\/"},"uagb_comment_info":0,"uagb_excerpt":"\u2014 Agence chr\u00e9tienne de communication digitale \u00b7 Suisse La communication au service de votre mission Nous accompagnons les associations chr\u00e9tiennes et caritatives pour rayonner en ligne \u2014 avec des outils [&hellip;]","_links":{"self":[{"href":"https:\/\/led.kl4y.ch\/index.php\/wp-json\/wp\/v2\/pages\/245","targetHints":{"allow":["GET"]}}],"collection":[{"href":"https:\/\/led.kl4y.ch\/index.php\/wp-json\/wp\/v2\/pages"}],"about":[{"href":"https:\/\/led.kl4y.ch\/index.php\/wp-json\/wp\/v2\/types\/page"}],"author":[{"embeddable":true,"href":"https:\/\/led.kl4y.ch\/index.php\/wp-json\/wp\/v2\/users\/2"}],"replies":[{"embeddable":true,"href":"https:\/\/led.kl4y.ch\/index.php\/wp-json\/wp\/v2\/comments?post=245"}],"version-history":[{"count":6,"href":"https:\/\/led.kl4y.ch\/index.php\/wp-json\/wp\/v2\/pages\/245\/revisions"}],"predecessor-version":[{"id":268,"href":"https:\/\/led.kl4y.ch\/index.php\/wp-json\/wp\/v2\/pages\/245\/revisions\/268"}],"wp:attachment":[{"href":"https:\/\/led.kl4y.ch\/index.php\/wp-json\/wp\/v2\/media?parent=245"}],"curies":[{"name":"wp","href":"https:\/\/api.w.org\/{rel}","templated":true}]}}